{"id":768,"date":"2023-06-01T07:02:03","date_gmt":"2023-06-01T07:02:03","guid":{"rendered":"https:\/\/baldirivila.com\/?page_id=768"},"modified":"2023-06-23T07:25:16","modified_gmt":"2023-06-23T07:25:16","slug":"politica-de-privacitat","status":"publish","type":"page","link":"https:\/\/baldirivila.com\/fra\/politique-de-confidentialite\/","title":{"rendered":"Politique de confidentialit\u00e9"},"content":{"rendered":"<h2 class=\"wp-block-heading\">Responsable du traitement des donn\u00e9es<\/h2>\n\n\n\n<p>Le responsable du traitement des donn\u00e9es personnelles collect\u00e9es sur le site Web de Baldiri Vila S.L. est:<\/p>\n\n\n\n<p>ENTREPRISE : Baldiri Vila S.L.<\/p>\n\n\n\n<p>CIF : B61176707<\/p>\n\n\n\n<p>REGISTRE DU COMMERCE\u00a0: Registre du commerce de Barcelone Volume 29261, folio 52, num\u00e9ro de feuille B-154621, inscription 1a<\/p>\n\n\n\n<p>ADRESSE\u00a0: Mercado Mercabarna, PABELLON G. 7017 A 7022, Barcelone, 08040, Barcelone<\/p>\n\n\n\n<p>T\u00c9L\u00c9PHONE : +34 932 631 593<\/p>\n\n\n\n<p>COURRIEL\u00a0: info@baldirivila.com<\/p>\n\n\n\n<p>DOMAINE\u00a0: baldirivila.com<\/p>\n\n\n\n<h2 class=\"wp-block-heading\">Finalit\u00e9 du traitement des donn\u00e9es<\/h2>\n\n\n\n<p>La collecte des donn\u00e9es a pour but de maintenir un contact direct et personnalis\u00e9 avec nos Utilisateurs. De cette fa\u00e7on, nous utiliserons vos donn\u00e9es pour r\u00e9pondre \u00e0 toutes les questions ou informations que vous avez demand\u00e9es, g\u00e9rer vos demandes et vous garantir une exp\u00e9rience qui respecte les normes les plus \u00e9lev\u00e9es.<\/p>\n\n\n\n<p>L'e-mail \u00e0 partir duquel vous \u00e9crivez \u00e0 notre courrier, nous l'utiliserons pour vous envoyer des informations relatives aux doutes ou pr\u00e9occupations que vous avez soulev\u00e9s ou pour effectuer les d\u00e9marches ou vous aider dans les d\u00e9marches dont vous avez besoin.<\/p>\n\n\n\n<p>En aucun cas vous ne recevrez des informations de tiers sans en avoir pr\u00e9alablement inform\u00e9 et sollicit\u00e9 votre consentement expr\u00e8s, en veillant ainsi \u00e0 respecter les param\u00e8tres de la r\u00e9glementation europ\u00e9enne ; aucun type de transfert international ne sera effectu\u00e9 non plus ayant pour objet vos donn\u00e9es personnelles.<\/p>\n\n\n\n<h2 class=\"wp-block-heading\">Qualit\u00e9 des donn\u00e9es<\/h2>\n\n\n\n<p>Le document pr\u00e9sent\u00e9 ici et toutes les informations \u00e9crites sont conformes \u00e0 l'article 4.3 de la LOPD. Cet article a \u00e9t\u00e9 modifi\u00e9 pour la derni\u00e8re fois le 06\/01\/2023.<\/p>\n\n\n\n<h2 class=\"wp-block-heading\">P\u00e9riode de conservation des donn\u00e9es<\/h2>\n\n\n\n<p>Les donn\u00e9es personnelles fournies seront conserv\u00e9es jusqu'\u00e0 ce que leur suspension soit demand\u00e9e par l'int\u00e9ress\u00e9, exer\u00e7ant ses droits sur les donn\u00e9es, et en tout cas dans le respect des d\u00e9lais de prescription l\u00e9gaux applicables.<\/p>\n\n\n\n<h2 class=\"wp-block-heading\">Cessions et transferts internationaux de donn\u00e9es<\/h2>\n\n\n\n<p>Les donn\u00e9es ne seront communiqu\u00e9es ou transf\u00e9r\u00e9es \u00e0 aucun destinataire.<\/p>\n\n\n\n<h2 class=\"wp-block-heading\">Cookies<\/h2>\n\n\n\n<p>Un cookie est un fichier t\u00e9l\u00e9charg\u00e9 sur un ordinateur lors de l'acc\u00e8s \u00e0 certains sites Web. Les cookies permettent, entre autres, \u00e0 un site Web de stocker et de r\u00e9cup\u00e9rer des informations sur les habitudes de navigation d'un utilisateur ou de son ordinateur et, en fonction des informations qu'ils contiennent et de la mani\u00e8re dont ils utilisent leur ordinateur, peuvent leur permettre de reconna\u00eetre l'utilisateur. Les cookies sont associ\u00e9s uniquement \u00e0 un utilisateur anonyme et \u00e0 son ordinateur ou appareil, et ne fournissent pas de r\u00e9f\u00e9rences permettant d'identifier ses donn\u00e9es personnelles.<\/p>\n\n\n\n<p>Le portail baldirivila.com utilise des cookies des types suivants :<\/p>\n\n\n\n<ul class=\"wp-block-list\">\n<li>Cookies techniques. Ils sont n\u00e9cessaires \u00e0 l'utilisation du site.<\/li>\n\n\n\n<li>Cookies de personnalisation. Ils permettent \u00e0 l'utilisateur d'acc\u00e9der au service avec des caract\u00e9ristiques pr\u00e9d\u00e9finies, telles que la langue, le navigateur, les param\u00e8tres r\u00e9gionaux, etc.<\/li>\n\n\n\n<li>Cookies d'analyse. Ils recueillent des informations sur l'utilisation du Web.<\/li>\n<\/ul>\n\n\n\n<p>Les cookies analytiques de tiers que Baldiri Vila S.L. Les utilisations sur son portail sont celles de Google Analytics : des cookies analytiques qui collectent des informations sur le trafic et le comportement des utilisateurs sur le Web de mani\u00e8re anonyme.<\/p>\n\n\n\n<p>L'utilisation de cookies tiers est soumise aux politiques de confidentialit\u00e9 de ces tiers.<\/p>\n\n\n\n<p>Les cookies sont install\u00e9s chaque fois que l'utilisateur autorise son navigateur. L'utilisateur peut toujours, s'il le juge utile, activer les options du navigateur pour refuser l'installation de cookies.<\/p>\n\n\n\n<h2 class=\"wp-block-heading\">Droits de l'utilisateur<\/h2>\n\n\n\n<p>L'utilisateur dispose des droits suivants sur ses donn\u00e9es\u00a0:<\/p>\n\n\n\n<p><strong>Acc\u00e8s<\/strong>: permet \u00e0 l'utilisateur de demander des informations au gestionnaire d'un fichier pour savoir si les donn\u00e9es sont en cours de traitement.<\/p>\n\n\n\n<p><strong>Rectification<\/strong>: Permet \u00e0 l'utilisateur concern\u00e9 de demander la modification de donn\u00e9es inexactes ou incompl\u00e8tes.<\/p>\n\n\n\n<p><strong>Annulation<\/strong>: L'utilisateur concern\u00e9 peut demander la suppression des donn\u00e9es inappropri\u00e9es ou excessives, sans pr\u00e9judice de l'obligation de blocage.<\/p>\n\n\n\n<p><strong>Opposition<\/strong>: il s'agit du droit d'un utilisateur de s'opposer au traitement de ses donn\u00e9es personnelles.<\/p>\n\n\n\n<p><strong>Portabilit\u00e9<\/strong>: Vous pourrez recevoir vos donn\u00e9es personnelles fournies dans un format structur\u00e9, couramment utilis\u00e9 et lisible par machine et pouvoir les transmettre \u00e0 un autre responsable, chaque fois que cela sera techniquement possible.<\/p>\n\n\n\n<p><strong>Oubli\u00e9<\/strong>: L'utilisateur peut demander la suppression des donn\u00e9es personnelles sans d\u00e9lai lorsque l'un des cas envisag\u00e9s se produit. Par exemple, en cas de traitement illicite de donn\u00e9es ou lorsque la finalit\u00e9 qui a motiv\u00e9 le traitement ou la collecte a disparu.<\/p>\n\n\n\n<p><strong>Limitation du traitement\u00a0: <\/strong>En g\u00e9n\u00e9ral, dans les cas o\u00f9 il n'est pas clair si les donn\u00e9es personnelles doivent \u00eatre supprim\u00e9es, vous pouvez exercer votre droit de limiter le traitement. Ce droit existe dans les cas suivants : (i) lorsque l'exactitude des donn\u00e9es en question est mise en doute ; (ii) lorsque vous ne souhaitez pas que les donn\u00e9es soient supprim\u00e9es ; (iii) lorsque les donn\u00e9es ne sont plus n\u00e9cessaires \u00e0 l'objectif initial, mais que des actions en justice peuvent en d\u00e9couler ; (iv) lorsque la d\u00e9cision sur votre objection au traitement est en attente.<\/p>\n\n\n\n<p>Pour exercer ses droits, l'utilisateur peut contacter info@baldirivila.com ou par courrier \u00e9crit \u00e0 Mercado Mercabarna, PABELLON G. 7017 A 7022, Barcelone, \u200b\u200b08040, Barcelone<\/p>","protected":false},"excerpt":{"rendered":"<p>Responsable del tractament de les dades El responsable del tractament de dades personals recollides al web de Baldiri Vila S.L. \u00e9s: EMPRESA: Baldiri Vila S.L. CIF: B61176707 REGISTRE MERCANTIL: Registre Mercantil de Barcelona Tom 29261, foli 52, full n\u00famero B-154621, inscripci\u00f3 1a DOMICILI: Mercado Mercabarna, PABELLON G. 7017 A 7022, Barcelona, 08040, Barcelona TEL\u00c8FON: +34 [&hellip;]<\/p>","protected":false},"author":1,"featured_media":0,"parent":0,"menu_order":0,"comment_status":"closed","ping_status":"open","template":"","meta":{"_et_pb_use_builder":"off","_et_pb_old_content":"","_et_gb_content_width":"1080","footnotes":""},"class_list":["post-768","page","type-page","status-publish","hentry"],"yoast_head":"<!-- This site is optimized with the Yoast SEO plugin v23.9 - https:\/\/yoast.com\/wordpress\/plugins\/seo\/ -->\n<title>Pol\u00edtica de privacitat - baldiri vil\u00e0<\/title>\n<meta name=\"robots\" content=\"noindex, follow\" \/>\n<meta property=\"og:locale\" content=\"fr_FR\" \/>\n<meta property=\"og:type\" content=\"article\" \/>\n<meta property=\"og:title\" content=\"Pol\u00edtica de privacitat - baldiri vil\u00e0\" \/>\n<meta property=\"og:description\" content=\"Responsable del tractament de les dades El responsable del tractament de dades personals recollides al web de Baldiri Vila S.L. \u00e9s: EMPRESA: Baldiri Vila S.L. CIF: B61176707 REGISTRE MERCANTIL: Registre Mercantil de Barcelona Tom 29261, foli 52, full n\u00famero B-154621, inscripci\u00f3 1a DOMICILI: Mercado Mercabarna, PABELLON G. 7017 A 7022, Barcelona, 08040, Barcelona TEL\u00c8FON: +34 [&hellip;]\" \/>\n<meta property=\"og:url\" content=\"https:\/\/baldirivila.com\/fra\/politique-de-confidentialite\/\" \/>\n<meta property=\"og:site_name\" content=\"baldiri vil\u00e0\" \/>\n<meta property=\"article:publisher\" content=\"https:\/\/www.facebook.com\/profile.php?id=61550965973332\" \/>\n<meta property=\"article:modified_time\" content=\"2023-06-23T07:25:16+00:00\" \/>\n<meta name=\"twitter:card\" content=\"summary_large_image\" \/>\n<meta name=\"twitter:label1\" content=\"Dur\u00e9e de lecture estim\u00e9e\" \/>\n\t<meta name=\"twitter:data1\" content=\"5 minutes\" \/>\n<script type=\"application\/ld+json\" class=\"yoast-schema-graph\">{\"@context\":\"https:\/\/schema.org\",\"@graph\":[{\"@type\":\"WebPage\",\"@id\":\"https:\/\/baldirivila.com\/politica-de-privacitat\/\",\"url\":\"https:\/\/baldirivila.com\/politica-de-privacitat\/\",\"name\":\"Pol\u00edtica de privacitat - baldiri vil\u00e0\",\"isPartOf\":{\"@id\":\"https:\/\/baldirivila.com\/#website\"},\"datePublished\":\"2023-06-01T07:02:03+00:00\",\"dateModified\":\"2023-06-23T07:25:16+00:00\",\"breadcrumb\":{\"@id\":\"https:\/\/baldirivila.com\/politica-de-privacitat\/#breadcrumb\"},\"inLanguage\":\"fr-FR\",\"potentialAction\":[{\"@type\":\"ReadAction\",\"target\":[\"https:\/\/baldirivila.com\/politica-de-privacitat\/\"]}]},{\"@type\":\"BreadcrumbList\",\"@id\":\"https:\/\/baldirivila.com\/politica-de-privacitat\/#breadcrumb\",\"itemListElement\":[{\"@type\":\"ListItem\",\"position\":1,\"name\":\"Inici\",\"item\":\"https:\/\/baldirivila.com\/\"},{\"@type\":\"ListItem\",\"position\":2,\"name\":\"Pol\u00edtica de privacitat\"}]},{\"@type\":\"WebSite\",\"@id\":\"https:\/\/baldirivila.com\/#website\",\"url\":\"https:\/\/baldirivila.com\/\",\"name\":\"baldiri vil\u00e0\",\"description\":\"Per tradici\u00f3 i qualitat, Baldiri Vil\u00e0\",\"publisher\":{\"@id\":\"https:\/\/baldirivila.com\/#organization\"},\"inLanguage\":\"fr-FR\"},{\"@type\":\"Organization\",\"@id\":\"https:\/\/baldirivila.com\/#organization\",\"name\":\"Baldiri Vil\u00e0\",\"url\":\"https:\/\/baldirivila.com\/\",\"logo\":{\"@type\":\"ImageObject\",\"inLanguage\":\"fr-FR\",\"@id\":\"https:\/\/baldirivila.com\/#\/schema\/logo\/image\/\",\"url\":\"https:\/\/baldirivila.com\/wp-content\/uploads\/2023\/06\/favicon.png\",\"contentUrl\":\"https:\/\/baldirivila.com\/wp-content\/uploads\/2023\/06\/favicon.png\",\"width\":50,\"height\":50,\"caption\":\"Baldiri Vil\u00e0\"},\"image\":{\"@id\":\"https:\/\/baldirivila.com\/#\/schema\/logo\/image\/\"},\"sameAs\":[\"https:\/\/www.facebook.com\/profile.php?id=61550965973332\",\"https:\/\/www.instagram.com\/baldiri_vila\/\"]}]}<\/script>\n<!-- \/ Yoast SEO plugin. -->","yoast_head_json":{"title":"Pol\u00edtica de privacitat - baldiri vil\u00e0","robots":{"index":"noindex","follow":"follow"},"og_locale":"fr_FR","og_type":"article","og_title":"Pol\u00edtica de privacitat - baldiri vil\u00e0","og_description":"Responsable del tractament de les dades El responsable del tractament de dades personals recollides al web de Baldiri Vila S.L. \u00e9s: EMPRESA: Baldiri Vila S.L. CIF: B61176707 REGISTRE MERCANTIL: Registre Mercantil de Barcelona Tom 29261, foli 52, full n\u00famero B-154621, inscripci\u00f3 1a DOMICILI: Mercado Mercabarna, PABELLON G. 7017 A 7022, Barcelona, 08040, Barcelona TEL\u00c8FON: +34 [&hellip;]","og_url":"https:\/\/baldirivila.com\/fra\/politique-de-confidentialite\/","og_site_name":"baldiri vil\u00e0","article_publisher":"https:\/\/www.facebook.com\/profile.php?id=61550965973332","article_modified_time":"2023-06-23T07:25:16+00:00","twitter_card":"summary_large_image","twitter_misc":{"Dur\u00e9e de lecture estim\u00e9e":"5 minutes"},"schema":{"@context":"https:\/\/schema.org","@graph":[{"@type":"WebPage","@id":"https:\/\/baldirivila.com\/politica-de-privacitat\/","url":"https:\/\/baldirivila.com\/politica-de-privacitat\/","name":"Pol\u00edtica de privacitat - baldiri vil\u00e0","isPartOf":{"@id":"https:\/\/baldirivila.com\/#website"},"datePublished":"2023-06-01T07:02:03+00:00","dateModified":"2023-06-23T07:25:16+00:00","breadcrumb":{"@id":"https:\/\/baldirivila.com\/politica-de-privacitat\/#breadcrumb"},"inLanguage":"fr-FR","potentialAction":[{"@type":"ReadAction","target":["https:\/\/baldirivila.com\/politica-de-privacitat\/"]}]},{"@type":"BreadcrumbList","@id":"https:\/\/baldirivila.com\/politica-de-privacitat\/#breadcrumb","itemListElement":[{"@type":"ListItem","position":1,"name":"Inici","item":"https:\/\/baldirivila.com\/"},{"@type":"ListItem","position":2,"name":"Pol\u00edtica de privacitat"}]},{"@type":"WebSite","@id":"https:\/\/baldirivila.com\/#website","url":"https:\/\/baldirivila.com\/","name":"baldiri vil\u00e0","description":"Per tradici\u00f3 i qualitat, Baldiri Vil\u00e0","publisher":{"@id":"https:\/\/baldirivila.com\/#organization"},"inLanguage":"fr-FR"},{"@type":"Organization","@id":"https:\/\/baldirivila.com\/#organization","name":"Baldiri Vil\u00e0","url":"https:\/\/baldirivila.com\/","logo":{"@type":"ImageObject","inLanguage":"fr-FR","@id":"https:\/\/baldirivila.com\/#\/schema\/logo\/image\/","url":"https:\/\/baldirivila.com\/wp-content\/uploads\/2023\/06\/favicon.png","contentUrl":"https:\/\/baldirivila.com\/wp-content\/uploads\/2023\/06\/favicon.png","width":50,"height":50,"caption":"Baldiri Vil\u00e0"},"image":{"@id":"https:\/\/baldirivila.com\/#\/schema\/logo\/image\/"},"sameAs":["https:\/\/www.facebook.com\/profile.php?id=61550965973332","https:\/\/www.instagram.com\/baldiri_vila\/"]}]}},"_links":{"self":[{"href":"https:\/\/baldirivila.com\/fra\/wp-json\/wp\/v2\/pages\/768","targetHints":{"allow":["GET"]}}],"collection":[{"href":"https:\/\/baldirivila.com\/fra\/wp-json\/wp\/v2\/pages"}],"about":[{"href":"https:\/\/baldirivila.com\/fra\/wp-json\/wp\/v2\/types\/page"}],"author":[{"embeddable":true,"href":"https:\/\/baldirivila.com\/fra\/wp-json\/wp\/v2\/users\/1"}],"replies":[{"embeddable":true,"href":"https:\/\/baldirivila.com\/fra\/wp-json\/wp\/v2\/comments?post=768"}],"version-history":[{"count":3,"href":"https:\/\/baldirivila.com\/fra\/wp-json\/wp\/v2\/pages\/768\/revisions"}],"predecessor-version":[{"id":808,"href":"https:\/\/baldirivila.com\/fra\/wp-json\/wp\/v2\/pages\/768\/revisions\/808"}],"wp:attachment":[{"href":"https:\/\/baldirivila.com\/fra\/wp-json\/wp\/v2\/media?parent=768"}],"curies":[{"name":"wp","href":"https:\/\/api.w.org\/{rel}","templated":true}]}}