{"id":140,"date":"2022-12-15T09:49:14","date_gmt":"2022-12-15T09:49:14","guid":{"rendered":"https:\/\/baldirivila.com\/?page_id=140"},"modified":"2024-05-22T09:24:12","modified_gmt":"2024-05-22T09:24:12","slug":"empresa","status":"publish","type":"page","link":"https:\/\/baldirivila.com\/ita\/azienda\/","title":{"rendered":"Compagnia"},"content":{"rendered":"<p>[et_pb_section fb_built=&#8221;1&#8243; _builder_version=&#8221;4.17.1&#8243; _module_preset=&#8221;default&#8221; use_background_color_gradient=&#8221;on&#8221; background_color_gradient_stops=&#8221;rgba(255,255,255,0.4) 0%|rgba(255,255,255,0) 20%&#8221; background_color_gradient_overlays_image=&#8221;on&#8221; background_image=&#8221;https:\/\/baldirivila.com\/wp-content\/uploads\/2022\/12\/agricultor-enciam-scaled.webp&#8221; height=&#8221;103vh&#8221; custom_margin=&#8221;-100px||||false|false&#8221; global_colors_info=&#8221;{}&#8221;][et_pb_row make_equal=&#8221;on&#8221; _builder_version=&#8221;4.17.1&#8243; _module_preset=&#8221;default&#8221; max_width=&#8221;1380px&#8221; height=&#8221;100%&#8221; custom_css_main_element=&#8221;display: flex;||flex-direction: column;||justify-content: center;&#8221; global_colors_info=&#8221;{}&#8221;][et_pb_column type=&#8221;4_4&#8243; _builder_version=&#8221;4.17.1&#8243; _module_preset=&#8221;default&#8221; global_colors_info=&#8221;{}&#8221;][et_pb_text content_tablet=&#8221;<\/p>\n<div><span style=\"%22font-size:\" 7vw; font-family: dancing script; text-align: left; color: #f2b715 !important; text-shadow: 0px 15px rgba(0,0, 0, 0.4);%22>La nostra compagnia<\/span><\/p>\n<h1 style=\"%22text-transform:\" uppercase; font-family: poppins; font-size: 7vw; text-align: left; line-height: 1em; text-shadow: 0px 15px rgba(0,0,0,0.4); font-weight: 400%22>Scopri cosa ci<br \/>\nrende cos\u00ec speciali<\/h1>\n<\/div>\n<p>&#8221; content_phone=&#8221;<\/p>\n<div><span style=\"%22font-size:\" 8vw; font-family: dancing script; text-align: left; color: #f2b715 !important; text-shadow: 0px 15px rgba(0,0, 0, 0.4);%22>La nostra compagnia<\/span><\/p>\n<h1 style=\"%22text-transform:\" uppercase; font-family: poppins; font-size: 10vw; text-align: left; line-height: 1em; text-shadow: 0px 15px rgba(0,0,0,0.4); font-weight: 400%22>Scopri cosa ci<br \/>\nrende cos\u00ec speciali<\/h1>\n<\/div>\n<p>&#8221; content_last_edited=&#8221;on|phone&#8221; _builder_version=&#8221;4.21.0&#8243; _module_preset=&#8221;default&#8221; text_font=&#8221;Dancing Script||||||||&#8221; text_text_color=&#8221;#ffffff&#8221; header_font=&#8221;Poppins|||on|||||&#8221; header_text_align=&#8221;center&#8221; header_text_color=&#8221;#FFFFFF&#8221; header_font_size=&#8221;60px&#8221; header_2_font=&#8221;Poppins|||on|||||&#8221; header_2_font_size=&#8221;40px&#8221; header_font_size_tablet=&#8221;60px&#8221; header_font_size_phone=&#8221;45px&#8221; header_font_size_last_edited=&#8221;on|phone&#8221; global_colors_info=&#8221;{}&#8221;]<\/p>\n<div><span style=\"font-size: 70px; font-family: Dancing Script; text-align: left; color: #f2b715 !important; text-shadow: 0px 0px 15px rgba(0,0, 0, 0.4);\">La nostra compagnia<\/span><\/p>\n<h1 style=\"text-transform: uppercase; font-family: Poppins; font-size: 100px; text-align: left; line-height: 1em; text-shadow: 0px 0px 15px rgba(0,0,0,0.4); font-weight: 400;\">Scopri cosa ci<br \/>\nrende cos\u00ec speciali<\/h1>\n<\/div>\n<p>[\/et_pb_text][\/et_pb_column][\/et_pb_row][\/et_pb_section][et_pb_section fb_built=&#8221;1&#8243; _builder_version=&#8221;4.17.1&#8243; _module_preset=&#8221;default&#8221; global_colors_info=&#8221;{}&#8221;][et_pb_row column_structure=&#8221;1_2,1_2&#8243; make_equal=&#8221;on&#8221; _builder_version=&#8221;4.21.0&#8243; _module_preset=&#8221;default&#8221; max_width=&#8221;1300px&#8221; locked=&#8221;off&#8221; global_colors_info=&#8221;{}&#8221;][et_pb_column type=&#8221;1_2&#8243; _builder_version=&#8221;4.17.1&#8243; _module_preset=&#8221;default&#8221; global_colors_info=&#8221;{}&#8221;][et_pb_text _builder_version=&#8221;4.17.1&#8243; _module_preset=&#8221;default&#8221; text_font=&#8221;Poppins|||on|||||&#8221; text_text_color=&#8221;#987000&#8243; text_font_size=&#8221;17px&#8221; custom_margin=&#8221;||0px|2px|false|false&#8221; custom_padding=&#8221;||0px||false|false&#8221; global_colors_info=&#8221;{}&#8221;]<\/p>\n<p>Storia<\/p>\n<p>[\/et_pb_text][et_pb_text _builder_version=&#8221;4.17.1&#8243; _module_preset=&#8221;default&#8221; header_font=&#8221;Poppins||||||||&#8221; header_2_font=&#8221;Dancing Script|500|||||||&#8221; header_2_font_size=&#8221;40px&#8221; header_2_line_height=&#8221;1.5em&#8221; global_colors_info=&#8221;{}&#8221;]<\/p>\n<h2><span style=\"font-size: 70px;\">Chi siamo?<\/span><\/h2>\n<p>[\/et_pb_text][et_pb_text _builder_version=&#8221;4.17.1&#8243; _module_preset=&#8221;default&#8221; text_font=&#8221;Poppins|300|||||||&#8221; global_colors_info=&#8221;{}&#8221;]<\/p>\n<p><span style=\"font-weight: 450;\">Siamo un'azienda dedicata alla coltivazione e distribuzione di prodotti agricoli.<\/span> Fondata nel 1996, siamo sul mercato da pi\u00f9 di 25 anni e alcune delle nostre specialit\u00e0 sono <span style=\"font-weight: 450;\">melograni, carciofi e peperoni.<\/span>.<\/p>\n<p>Prima della fondazione, ci siamo dedicati alla coltivazione dei nostri terreni a Gav\u00e0. Tuttavia, con il tempo e la crescente richiesta dei nostri prodotti, abbiamo deciso di fare il salto verso la produzione su larga scala e di affermarci come azienda, pur mantenendo la nostra produzione Gav\u00e0.<\/p>\n<p>Attualmente <span style=\"font-weight: 450;\">abbiamo sede a Mercabarna<\/span>, uno dei principali centri di distribuzione alimentare del paese. Da l\u00ec, coordiniamo la coltivazione e la distribuzione dei nostri prodotti agricoli in tutto lo stato.<\/p>\n<p>[\/et_pb_text][\/et_pb_column][et_pb_column type=&#8221;1_2&#8243; _builder_version=&#8221;4.21.0&#8243; _module_preset=&#8221;default&#8221; custom_css_main_element=&#8221;display: flex;||flex-direction: column;||justify-content: center;&#8221; global_colors_info=&#8221;{}&#8221;][et_pb_image src=&#8221;https:\/\/baldirivila.com\/wp-content\/uploads\/2022\/12\/pebrots-en-planta-scaled.jpeg&#8221; alt=&#8221;Pebrots en la planta de Baldiri Vil\u00e0&#8221; title_text=&#8221;Pebrots en la planta de Baldiri Vil\u00e0&#8221; align=&#8221;center&#8221; _builder_version=&#8221;4.21.0&#8243; _module_preset=&#8221;default&#8221; width=&#8221;65%&#8221; global_colors_info=&#8221;{}&#8221;][\/et_pb_image][\/et_pb_column][\/et_pb_row][\/et_pb_section][et_pb_section fb_built=&#8221;1&#8243; _builder_version=&#8221;4.17.1&#8243; _module_preset=&#8221;default&#8221; background_color=&#8221;#D39C04&#8243; custom_padding=&#8221;10px||10px||true|false&#8221; locked=&#8221;off&#8221; global_colors_info=&#8221;{}&#8221;][et_pb_row _builder_version=&#8221;4.17.4&#8243; _module_preset=&#8221;default&#8221; global_colors_info=&#8221;{}&#8221;][et_pb_column type=&#8221;4_4&#8243; _builder_version=&#8221;4.17.4&#8243; _module_preset=&#8221;default&#8221; global_colors_info=&#8221;{}&#8221;][et_pb_text _builder_version=&#8221;4.17.1&#8243; _module_preset=&#8221;default&#8221; text_font=&#8221;Poppins|300|||||||&#8221; text_font_size=&#8221;16px&#8221; text_line_height=&#8221;1.5em&#8221; header_2_font=&#8221;Poppins||||||||&#8221; header_2_text_align=&#8221;center&#8221; header_2_text_color=&#8221;#FFFFFF&#8221; header_2_font_size=&#8221;36px&#8221; header_2_line_height=&#8221;1.3em&#8221; background_layout=&#8221;dark&#8221; custom_margin=&#8221;0px||5px||false|false&#8221; custom_padding=&#8221;0px||0px||false|false&#8221; global_colors_info=&#8221;{}&#8221;]<\/p>\n<h2>Vuoi saperne di pi\u00f9?<\/h2>\n<p>[\/et_pb_text][et_pb_button button_url=&#8221;@ET-DC@eyJkeW5hbWljIjp0cnVlLCJjb250ZW50IjoicG9zdF9saW5rX3VybF9wYWdlIiwic2V0dGluZ3MiOnsicG9zdF9pZCI6IjE0OCJ9fQ==@&#8221; button_text=&#8221;Contacta amb nosaltres&#8221; button_alignment=&#8221;center&#8221; _builder_version=&#8221;4.17.1&#8243; _dynamic_attributes=&#8221;button_url&#8221; _module_preset=&#8221;default&#8221; custom_button=&#8221;on&#8221; button_text_color=&#8221;#000000&#8243; button_bg_color=&#8221;#FFFFFF&#8221; button_border_width=&#8221;0px&#8221; button_border_radius=&#8221;0px&#8221; custom_margin=&#8221;3vh||||false|false&#8221; global_colors_info=&#8221;{}&#8221;][\/et_pb_button][\/et_pb_column][\/et_pb_row][\/et_pb_section][et_pb_section fb_built=&#8221;1&#8243; _builder_version=&#8221;4.17.1&#8243; _module_preset=&#8221;default&#8221; global_colors_info=&#8221;{}&#8221;][et_pb_row column_structure=&#8221;1_2,1_2&#8243; make_equal=&#8221;on&#8221; disabled_on=&#8221;off|off|off&#8221; _builder_version=&#8221;4.25.1&#8243; _module_preset=&#8221;default&#8221; max_width=&#8221;1300px&#8221; hover_enabled=&#8221;0&#8243; locked=&#8221;off&#8221; global_colors_info=&#8221;{}&#8221; custom_css_main_element=&#8221;display: flex;||flex-wrap: wrap;&#8221; sticky_enabled=&#8221;0&#8243;][et_pb_column type=&#8221;1_2&#8243; _builder_version=&#8221;4.25.1&#8243; _module_preset=&#8221;default&#8221; hover_enabled=&#8221;0&#8243; custom_css_main_element=&#8221;display: flex;||flex-direction: column;||justify-content: center;&#8221; global_colors_info=&#8221;{}&#8221; custom_css_main_element_last_edited=&#8221;on|phone&#8221; sticky_enabled=&#8221;0&#8243; custom_css_main_element_phone=&#8221;order: 2;&#8221; custom_css_main_element_tablet=&#8221;display: flex;||flex-direction: column;||justify-content: center;&#8221;][et_pb_image src=&#8221;https:\/\/baldirivila.com\/wp-content\/uploads\/2022\/12\/verdures-scaled.webp&#8221; alt=&#8221;Verdures de Baldiri Vil\u00e0&#8221; title_text=&#8221;Verdures de Baldiri Vil\u00e0&#8221; align=&#8221;center&#8221; _builder_version=&#8221;4.25.1&#8243; _module_preset=&#8221;default&#8221; width=&#8221;65%&#8221; hover_enabled=&#8221;0&#8243; global_colors_info=&#8221;{}&#8221; custom_padding_last_edited=&#8221;on|phone&#8221; sticky_enabled=&#8221;0&#8243; custom_padding_phone=&#8221;35px||||false|false&#8221;][\/et_pb_image][\/et_pb_column][et_pb_column type=&#8221;1_2&#8243; _builder_version=&#8221;4.17.1&#8243; _module_preset=&#8221;default&#8221; global_colors_info=&#8221;{}&#8221;][et_pb_text _builder_version=&#8221;4.17.1&#8243; _module_preset=&#8221;default&#8221; text_font=&#8221;Poppins|||on|||||&#8221; text_text_color=&#8221;#987000&#8243; text_font_size=&#8221;17px&#8221; custom_margin=&#8221;||0px|2px|false|false&#8221; custom_padding=&#8221;||0px||false|false&#8221; global_colors_info=&#8221;{}&#8221;]<\/p>\n<p>Storia<\/p>\n<p>[\/et_pb_text][et_pb_text _builder_version=&#8221;4.17.1&#8243; _module_preset=&#8221;default&#8221; header_font=&#8221;Poppins||||||||&#8221; header_2_font=&#8221;Dancing Script|500|||||||&#8221; header_2_font_size=&#8221;40px&#8221; global_colors_info=&#8221;{}&#8221;]<\/p>\n<h2><span style=\"font-weight: 200; font-family: Poppins; text-transform: uppercase;\">La nostra <\/span><span style=\"font-size: 70px\">storia<\/span><\/h2>\n<p>[\/et_pb_text][et_pb_text _builder_version=&#8221;4.17.1&#8243; _module_preset=&#8221;default&#8221; text_font=&#8221;Poppins|300|||||||&#8221; global_colors_info=&#8221;{}&#8221;]<\/p>\n<p>Siamo un'azienda agricola con <strong>pi\u00f9 di 25 anni di esperienza nella coltivazione e distribuzione di prodotti agricoli<\/strong>. Le nostre specialit\u00e0 sono melograni, carciofi e peperoni. Abbiamo iniziato come coltivatori locali a Gav\u00e0 e, vista la crescente domanda, ci siamo espansi alla produzione su larga scala.<\/p>\n<p><strong>Ora ci troviamo a Mercabarna<\/strong>, da dove coordiniamo la produzione e la distribuzione dei nostri prodotti agricoli in tutto il paese. Il nostro impegno per la qualit\u00e0, la freschezza e la soddisfazione del cliente ci spinge a continuare ad offrire prodotti agricoli di alta qualit\u00e0 a famiglie e aziende di tutto il territorio nazionale.<\/p>\n<p>[\/et_pb_text][\/et_pb_column][\/et_pb_row][\/et_pb_section][et_pb_section fb_built=&#8221;1&#8243; _builder_version=&#8221;4.17.1&#8243; _module_preset=&#8221;default&#8221; background_color=&#8221;#fcfcfc&#8221; global_colors_info=&#8221;{}&#8221;][et_pb_row column_structure=&#8221;1_2,1_2&#8243; make_equal=&#8221;on&#8221; disabled_on=&#8221;off|off|off&#8221; _builder_version=&#8221;4.21.0&#8243; _module_preset=&#8221;default&#8221; max_width=&#8221;1300px&#8221; locked=&#8221;off&#8221; global_colors_info=&#8221;{}&#8221;][et_pb_column type=&#8221;1_2&#8243; _builder_version=&#8221;4.17.1&#8243; _module_preset=&#8221;default&#8221; global_colors_info=&#8221;{}&#8221;][et_pb_text _builder_version=&#8221;4.17.1&#8243; _module_preset=&#8221;default&#8221; text_font=&#8221;Poppins|||on|||||&#8221; text_text_color=&#8221;#987000&#8243; text_font_size=&#8221;17px&#8221; custom_margin=&#8221;||0px|2px|false|false&#8221; custom_padding=&#8221;||0px||false|false&#8221; global_colors_info=&#8221;{}&#8221;]<\/p>\n<p>Storia<\/p>\n<p>[\/et_pb_text][et_pb_text _builder_version=&#8221;4.17.1&#8243; _module_preset=&#8221;default&#8221; header_font=&#8221;Poppins||||||||&#8221; header_2_font=&#8221;Dancing Script|500|||||||&#8221; header_2_font_size=&#8221;40px&#8221; global_colors_info=&#8221;{}&#8221;]<\/p>\n<h2><span style=\"font-weight: 200; font-family: Poppins; text-transform: uppercase;\">Il nostro <\/span><span style=\"font-size: 70px\">team<\/span><\/h2>\n<p>[\/et_pb_text][et_pb_text _builder_version=&#8221;4.17.1&#8243; _module_preset=&#8221;default&#8221; text_font=&#8221;Poppins|300|||||||&#8221; global_colors_info=&#8221;{}&#8221;]<\/p>\n<p>In Baldiri Vil\u00e0 <strong>abbiamo un team appassionato e impegnato<\/strong> che si impegna a offrire ai nostri clienti prodotti freschi e di alta qualit\u00e0.<\/p>\n<p>Mentre agricoltori esperti coltivano con cura la nostra frutta e verdura, <strong>il nostro team di logistica e distribuzione assicura che arrivino in perfette condizioni e al momento giusto.<\/strong> Il nostro team di vendita, esperto di ogni prodotto, offre un servizio personalizzato ai nostri clienti.<\/p>\n<p><strong>Apprezziamo la collaborazione, la diversit\u00e0 e la formazione continua.<\/strong> Siamo orgogliosi del nostro team e orgogliosi di essere il vostro fornitore di fiducia di frutta e verdura di qualit\u00e0.<\/p>\n<p>[\/et_pb_text][\/et_pb_column][et_pb_column type=&#8221;1_2&#8243; _builder_version=&#8221;4.17.1&#8243; _module_preset=&#8221;default&#8221; custom_css_main_element=&#8221;display: flex;||flex-direction: column;||justify-content: center;&#8221; global_colors_info=&#8221;{}&#8221;][et_pb_image src=&#8221;https:\/\/baldirivila.com\/wp-content\/uploads\/2023\/05\/treballadors-magatzem-scaled.jpeg&#8221; alt=&#8221;Treballadors de Baldiri Vil\u00e0 en el magatzem&#8221; title_text=&#8221;Treballadors de Baldiri Vil\u00e0 en el magatzem&#8221; align=&#8221;center&#8221; _builder_version=&#8221;4.21.0&#8243; _module_preset=&#8221;default&#8221; width_last_edited=&#8221;off|desktop&#8221; global_colors_info=&#8221;{}&#8221;][\/et_pb_image][\/et_pb_column][\/et_pb_row][\/et_pb_section][et_pb_section fb_built=&#8221;1&#8243; _builder_version=&#8221;4.17.1&#8243; _module_preset=&#8221;default&#8221; global_colors_info=&#8221;{}&#8221;][et_pb_row _builder_version=&#8221;4.17.1&#8243; _module_preset=&#8221;default&#8221; max_width=&#8221;1300px&#8221; custom_padding=&#8221;||75px||false|false&#8221; locked=&#8221;off&#8221; global_colors_info=&#8221;{}&#8221;][et_pb_column type=&#8221;4_4&#8243; _builder_version=&#8221;4.17.1&#8243; _module_preset=&#8221;default&#8221; global_colors_info=&#8221;{}&#8221;][et_pb_text _builder_version=&#8221;4.17.1&#8243; _module_preset=&#8221;default&#8221; header_2_font=&#8221;Dancing Script||||||||&#8221; header_2_text_align=&#8221;center&#8221; header_2_font_size=&#8221;40px&#8221; custom_margin=&#8221;||15px||false|false&#8221; custom_padding=&#8221;||||false|false&#8221; global_colors_info=&#8221;{}&#8221;]<\/p>\n<h2><span style=\"font-size: 70px;\">Etica<\/span><\/h2>\n<p>[\/et_pb_text][et_pb_divider color=&#8221;#d39c04&#8243; divider_weight=&#8221;3px&#8221; _builder_version=&#8221;4.17.1&#8243; _module_preset=&#8221;default&#8221; width=&#8221;15%&#8221; module_alignment=&#8221;center&#8221; locked=&#8221;off&#8221; global_colors_info=&#8221;{}&#8221;][\/et_pb_divider][\/et_pb_column][\/et_pb_row][et_pb_row column_structure=&#8221;1_2,1_2&#8243; make_equal=&#8221;on&#8221; _builder_version=&#8221;4.17.1&#8243; _module_preset=&#8221;default&#8221; max_width=&#8221;1300px&#8221; locked=&#8221;off&#8221; global_colors_info=&#8221;{}&#8221;][et_pb_column type=&#8221;1_2&#8243; _builder_version=&#8221;4.17.1&#8243; _module_preset=&#8221;default&#8221; global_colors_info=&#8221;{}&#8221;][et_pb_text _builder_version=&#8221;4.17.1&#8243; _module_preset=&#8221;default&#8221; text_font=&#8221;Poppins|||on|||||&#8221; text_text_color=&#8221;#987000&#8243; text_font_size=&#8221;17px&#8221; custom_margin=&#8221;||0px|2px|false|false&#8221; custom_padding=&#8221;||0px||false|false&#8221; global_colors_info=&#8221;{}&#8221;]<\/p>\n<p>Storia<\/p>\n<p>[\/et_pb_text][et_pb_text _builder_version=&#8221;4.17.1&#8243; _module_preset=&#8221;default&#8221; header_font=&#8221;Poppins||||||||&#8221; header_2_font=&#8221;Dancing Script|500|||||||&#8221; header_2_font_size=&#8221;40px&#8221; global_colors_info=&#8221;{}&#8221;]<\/p>\n<h2><span style=\"font-weight: 200; font-family: Poppins; text-transform: uppercase;\">La nostra <\/span><span style=\"font-size: 70px\">missione<\/span><\/h2>\n<p>[\/et_pb_text][et_pb_text _builder_version=&#8221;4.17.1&#8243; _module_preset=&#8221;default&#8221; text_font=&#8221;Poppins|300|||||||&#8221; global_colors_info=&#8221;{}&#8221;]<\/p>\n<p>In Baldiri Vil\u00e0, <strong>la nostra missione \u00e8 promuovere un'alimentazione sana e sostenibile attraverso la distribuzione di frutta e verdura fresca e di qualit\u00e0.<\/strong><\/p>\n<p>Ci impegniamo a <strong>fornire ai nostri clienti prodotti coltivati \u200b\u200bcon cura e rispetto per l'ambiente<\/strong>, incoraggiando pratiche agricole sostenibili e un uso responsabile delle risorse naturali.<\/p>\n<p>Cerchiamo di costruire <strong>relazioni a lungo termine con i nostri clienti<\/strong>, fornendo un servizio eccezionale e offrendo un'ampia variet\u00e0 di prodotti per soddisfare le vostre esigenze e preferenze.<\/p>\n<p><strong>La nostra missione \u00e8 contribuire a migliorare la qualit\u00e0 della vita delle persone<\/strong>, promuovendo un'alimentazione equilibrata e consapevole, ed essere leader nel settore della distribuzione ortofrutticola a livello locale e nazionale. Ci impegniamo per l'eccellenza e l'innovazione e lavoriamo con passione e dedizione per raggiungere la nostra missione ogni giorno.<\/p>\n<p>[\/et_pb_text][\/et_pb_column][et_pb_column type=&#8221;1_2&#8243; _builder_version=&#8221;4.17.1&#8243; _module_preset=&#8221;default&#8221; custom_css_main_element=&#8221;display: flex;||flex-direction: column;||justify-content: center;&#8221; global_colors_info=&#8221;{}&#8221;][et_pb_image src=&#8221;https:\/\/baldirivila.com\/wp-content\/uploads\/2023\/05\/agricultor-examinant-terra-scaled.jpeg&#8221; alt=&#8221;Agricultor examinant el terra&#8221; title_text=&#8221;Agricultor examinant el terra&#8221; align=&#8221;center&#8221; _builder_version=&#8221;4.21.0&#8243; _module_preset=&#8221;default&#8221; width_last_edited=&#8221;off|desktop&#8221; global_colors_info=&#8221;{}&#8221;][\/et_pb_image][\/et_pb_column][\/et_pb_row][et_pb_row column_structure=&#8221;1_2,1_2&#8243; make_equal=&#8221;on&#8221; disabled_on=&#8221;off|off|off&#8221; _builder_version=&#8221;4.25.1&#8243; _module_preset=&#8221;default&#8221; max_width=&#8221;1300px&#8221; hover_enabled=&#8221;0&#8243; locked=&#8221;off&#8221; global_colors_info=&#8221;{}&#8221; custom_css_main_element=&#8221;display: flex;||flex-wrap: wrap;&#8221; sticky_enabled=&#8221;0&#8243;][et_pb_column type=&#8221;1_2&#8243; _builder_version=&#8221;4.25.1&#8243; _module_preset=&#8221;default&#8221; hover_enabled=&#8221;0&#8243; custom_css_main_element=&#8221;display: flex;||flex-direction: column;||justify-content: center;&#8221; global_colors_info=&#8221;{}&#8221; custom_css_main_element_last_edited=&#8221;on|phone&#8221; sticky_enabled=&#8221;0&#8243; custom_css_main_element_phone=&#8221;order: 1;&#8221; custom_css_main_element_tablet=&#8221;display: flex;||flex-direction: column;||justify-content: center;&#8221;][et_pb_image src=&#8221;https:\/\/baldirivila.com\/wp-content\/uploads\/2023\/05\/camp-scaled.jpeg&#8221; alt=&#8221;Camp verd&#8221; title_text=&#8221;Camp verd&#8221; align=&#8221;center&#8221; _builder_version=&#8221;4.25.1&#8243; _module_preset=&#8221;default&#8221; width_last_edited=&#8221;off|desktop&#8221; hover_enabled=&#8221;0&#8243; global_colors_info=&#8221;{}&#8221; width__hover_enabled=&#8221;off|desktop&#8221; sticky_enabled=&#8221;0&#8243; custom_padding_last_edited=&#8221;on|phone&#8221; custom_padding_phone=&#8221;35px||||false|false&#8221;][\/et_pb_image][\/et_pb_column][et_pb_column type=&#8221;1_2&#8243; _builder_version=&#8221;4.17.1&#8243; _module_preset=&#8221;default&#8221; global_colors_info=&#8221;{}&#8221;][et_pb_text _builder_version=&#8221;4.17.1&#8243; _module_preset=&#8221;default&#8221; text_font=&#8221;Poppins|||on|||||&#8221; text_text_color=&#8221;#987000&#8243; text_font_size=&#8221;17px&#8221; custom_margin=&#8221;||0px|2px|false|false&#8221; custom_padding=&#8221;||0px||false|false&#8221; global_colors_info=&#8221;{}&#8221;]<\/p>\n<p>Storia<\/p>\n<p>[\/et_pb_text][et_pb_text _builder_version=&#8221;4.17.1&#8243; _module_preset=&#8221;default&#8221; header_font=&#8221;Poppins||||||||&#8221; header_2_font=&#8221;Dancing Script|500|||||||&#8221; header_2_font_size=&#8221;40px&#8221; global_colors_info=&#8221;{}&#8221;]<\/p>\n<h2><span style=\"font-weight: 200; font-family: Poppins; text-transform: uppercase;\">La nostra <\/span><span style=\"font-size: 70px\">visione<\/span><\/h2>\n<p>[\/et_pb_text][et_pb_text _builder_version=&#8221;4.17.1&#8243; _module_preset=&#8221;default&#8221; text_font=&#8221;Poppins|300|||||||&#8221; global_colors_info=&#8221;{}&#8221;]<\/p>\n<p>In Baldiri Vil\u00e0, <strong>la nostra visione \u00e8 quella di diventare il riferimento principale nella distribuzione di frutta e verdura, sia a livello nazionale che internazionale.<\/strong> Cerchiamo di essere riconosciuti come leader in termini di qualit\u00e0, sostenibilit\u00e0 e servizio clienti nel nostro settore.<\/p>\n<p><strong>Ci sforziamo di espandere la nostra rete di fornitori di fiducia<\/strong> e di stabilire alleanze strategiche che ci consentano di offrire una vasta gamma di prodotti freschi e di alta qualit\u00e0.<\/p>\n<p>Inoltre, ci impegniamo a rimanere all'avanguardia delle ultime tendenze e progressi nel settore agricolo e logistico, utilizzando tecnologie innovative e pratiche sostenibili.<\/p>\n<p>Vogliamo essere conosciuti come <strong>un'azienda impegnata per il benessere dei nostri clienti<\/strong>, la cura dell'ambiente e lo sviluppo delle nostre comunit\u00e0.<\/p>\n<p>La nostra visione ci spinge a <strong>superare costantemente i nostri limiti<\/strong> e cercare nuove opportunit\u00e0 di crescita ed eccellenza in tutto ci\u00f2 che facciamo.<\/p>\n<p>[\/et_pb_text][\/et_pb_column][\/et_pb_row][et_pb_row _builder_version=&#8221;4.17.1&#8243; _module_preset=&#8221;default&#8221; max_width=&#8221;1300px&#8221; locked=&#8221;off&#8221; global_colors_info=&#8221;{}&#8221;][et_pb_column type=&#8221;4_4&#8243; _builder_version=&#8221;4.17.1&#8243; _module_preset=&#8221;default&#8221; global_colors_info=&#8221;{}&#8221;][et_pb_text _builder_version=&#8221;4.17.1&#8243; _module_preset=&#8221;default&#8221; header_font=&#8221;Poppins||||||||&#8221; header_2_font=&#8221;Dancing Script|500|||||||&#8221; header_2_text_align=&#8221;center&#8221; header_2_font_size=&#8221;40px&#8221; custom_margin=&#8221;||15px||false|false&#8221; global_colors_info=&#8221;{}&#8221;]<\/p>\n<h2><span style=\"font-weight: 200; font-family: Poppins; text-transform: uppercase;\">I nostri <\/span><span style=\"font-size: 70px\">valori<\/span><\/h2>\n<p>[\/et_pb_text][et_pb_divider color=&#8221;#d39c04&#8243; divider_weight=&#8221;3px&#8221; _builder_version=&#8221;4.17.1&#8243; _module_preset=&#8221;default&#8221; width=&#8221;40%&#8221; module_alignment=&#8221;center&#8221; locked=&#8221;off&#8221; global_colors_info=&#8221;{}&#8221;][\/et_pb_divider][\/et_pb_column][\/et_pb_row][et_pb_row column_structure=&#8221;1_2,1_2&#8243; make_equal=&#8221;on&#8221; _builder_version=&#8221;4.17.1&#8243; _module_preset=&#8221;default&#8221; max_width=&#8221;1300px&#8221; locked=&#8221;off&#8221; global_colors_info=&#8221;{}&#8221;][et_pb_column type=&#8221;1_2&#8243; _builder_version=&#8221;4.17.1&#8243; _module_preset=&#8221;default&#8221; global_colors_info=&#8221;{}&#8221;][et_pb_blurb title=&#8221;Qualitat&#8221; use_icon=&#8221;on&#8221; font_icon=&#8221;&#xf005;||fa||900&#8243; icon_color=&#8221;#D39C04&#8243; icon_placement=&#8221;left&#8221; image_icon_width=&#8221;80px&#8221; _builder_version=&#8221;4.17.1&#8243; _module_preset=&#8221;default&#8221; header_level=&#8221;h3&#8243; header_font=&#8221;Poppins||||||||&#8221; header_font_size=&#8221;24px&#8221; body_font=&#8221;Poppins|300|||||||&#8221; custom_css_blurb_image=&#8221;padding-right: 15px;||vertical-align: middle;||position: relative;&#8221; locked=&#8221;off&#8221; global_colors_info=&#8221;{}&#8221;]Ens esforcem per oferir productes d\u00b4alta qualitat als nostres clients.[\/et_pb_blurb][et_pb_blurb title=&#8221;Sostenibilitat&#8221; use_icon=&#8221;on&#8221; font_icon=&#8221;&#xf18c;||fa||400&#8243; icon_color=&#8221;#D39C04&#8243; icon_placement=&#8221;left&#8221; image_icon_width=&#8221;80px&#8221; _builder_version=&#8221;4.17.1&#8243; _module_preset=&#8221;default&#8221; header_level=&#8221;h3&#8243; header_font=&#8221;Poppins||||||||&#8221; header_font_size=&#8221;24px&#8221; body_font=&#8221;Poppins|300|||||||&#8221; custom_css_blurb_image=&#8221;padding-right: 35px;||padding-left: 10px;||vertical-align: middle;||position: relative;&#8221; locked=&#8221;off&#8221; global_colors_info=&#8221;{}&#8221;]Promovem pr\u00e0ctiques agr\u00edcoles sostenibles i \u00fas responsable dels recursos naturals.[\/et_pb_blurb][et_pb_blurb title=&#8221;Servei al client&#8221; use_icon=&#8221;on&#8221; font_icon=&#8221;&#xf2b5;||fa||400&#8243; icon_color=&#8221;#D39C04&#8243; icon_placement=&#8221;left&#8221; image_icon_width=&#8221;80px&#8221; _builder_version=&#8221;4.17.1&#8243; _module_preset=&#8221;default&#8221; header_level=&#8221;h3&#8243; header_font=&#8221;Poppins||||||||&#8221; header_font_size=&#8221;24px&#8221; body_font=&#8221;Poppins|300|||||||&#8221; custom_css_blurb_image=&#8221;padding-right: 5px;||vertical-align: middle;||position: relative;&#8221; locked=&#8221;off&#8221; global_colors_info=&#8221;{}&#8221;]Valorem els nostres clients i els brindem un servei excepcional.[\/et_pb_blurb][et_pb_blurb title=&#8221;Integritat&#8221; use_icon=&#8221;on&#8221; font_icon=&#8221;&#xf002;||fa||900&#8243; icon_color=&#8221;#D39C04&#8243; icon_placement=&#8221;left&#8221; image_icon_width=&#8221;80px&#8221; _builder_version=&#8221;4.17.1&#8243; _module_preset=&#8221;default&#8221; header_level=&#8221;h3&#8243; header_font=&#8221;Poppins||||||||&#8221; header_font_size=&#8221;24px&#8221; body_font=&#8221;Poppins|300|||||||&#8221; custom_css_blurb_image=&#8221;padding-right: 25px;||vertical-align: middle;||position: relative;&#8221; locked=&#8221;off&#8221; global_colors_info=&#8221;{}&#8221;]Actuem amb honestedat, transpar\u00e8ncia i \u00e8tica en totes les nostres operacions.[\/et_pb_blurb][et_pb_blurb title=&#8221;Treball en equip&#8221; use_icon=&#8221;on&#8221; font_icon=&#8221;&#xf0c0;||fa||900&#8243; icon_color=&#8221;#D39C04&#8243; icon_placement=&#8221;left&#8221; image_icon_width=&#8221;80px&#8221; _builder_version=&#8221;4.17.1&#8243; _module_preset=&#8221;default&#8221; header_level=&#8221;h3&#8243; header_font=&#8221;Poppins||||||||&#8221; header_font_size=&#8221;24px&#8221; body_font=&#8221;Poppins|300|||||||&#8221; custom_css_blurb_image=&#8221;padding-right: 5px;||vertical-align: middle;||position: relative;&#8221; locked=&#8221;off&#8221; global_colors_info=&#8221;{}&#8221;]Fomentem un ambient de col\u00b7laboraci\u00f3 i respecte mutu al nostre equip.[\/et_pb_blurb][et_pb_blurb title=&#8221;Innovaci\u00f3&#8221; use_icon=&#8221;on&#8221; font_icon=&#8221;&#xe007;||divi||400&#8243; icon_color=&#8221;#D39C04&#8243; icon_placement=&#8221;left&#8221; image_icon_width=&#8221;80px&#8221; _builder_version=&#8221;4.17.1&#8243; _module_preset=&#8221;default&#8221; header_level=&#8221;h3&#8243; header_font=&#8221;Poppins||||||||&#8221; header_font_size=&#8221;24px&#8221; body_font=&#8221;Poppins|300|||||||&#8221; custom_css_blurb_image=&#8221;padding-right: 25px;||vertical-align: middle;||position: relative;&#8221; locked=&#8221;off&#8221; global_colors_info=&#8221;{}&#8221;]Busquem constantment noves formes de millorar i ens mantenim actualitzats amb les darreres tend\u00e8ncies.[\/et_pb_blurb][\/et_pb_column][et_pb_column type=&#8221;1_2&#8243; _builder_version=&#8221;4.17.1&#8243; _module_preset=&#8221;default&#8221; custom_css_main_element=&#8221;display: flex;||flex-direction: column;||justify-content: center;&#8221; global_colors_info=&#8221;{}&#8221;][et_pb_image src=&#8221;https:\/\/baldirivila.com\/wp-content\/uploads\/2023\/05\/agricultor-examinant-cultius-scaled.jpeg&#8221; alt=&#8221;Agricultor examinant els cultius&#8221; title_text=&#8221;Agricultor examinant els cultius&#8221; align=&#8221;center&#8221; _builder_version=&#8221;4.21.0&#8243; _module_preset=&#8221;default&#8221; global_colors_info=&#8221;{}&#8221;][\/et_pb_image][\/et_pb_column][\/et_pb_row][\/et_pb_section]<\/p>","protected":false},"excerpt":{"rendered":"<p>La nostra empresa Descobreix qu\u00e8 ens fa tan especialsHist\u00f2riaQui som?Som una empresa dedicada al cultiu i distribuci\u00f3 de productes agr\u00edcoles. Fundada el 1996, portem al mercat m\u00e9s de 25 anys i algunes de les nostres especialitats s\u00f3n les magranes, les carxofes i els pebrots. Abans de la fundaci\u00f3, ens dedic\u00e0vem al cultiu de les nostres [&hellip;]<\/p>","protected":false},"author":1,"featured_media":0,"parent":0,"menu_order":0,"comment_status":"closed","ping_status":"open","template":"","meta":{"_et_pb_use_builder":"on","_et_pb_old_content":"","_et_gb_content_width":"","footnotes":""},"class_list":["post-140","page","type-page","status-publish","hentry"],"yoast_head":"<!-- This site is optimized with the Yoast SEO plugin v23.9 - https:\/\/yoast.com\/wordpress\/plugins\/seo\/ -->\n<title>Empresa - baldiri vil\u00e0<\/title>\n<meta name=\"description\" content=\"Descobreix Baldiri Vil\u00e0: Empresa l\u00edder en distribuci\u00f3 de fruites i verdures. Experts en qualitat, servei i satisfacci\u00f3 del client.\" \/>\n<meta name=\"robots\" content=\"index, follow, max-snippet:-1, max-image-preview:large, max-video-preview:-1\" \/>\n<link rel=\"canonical\" href=\"https:\/\/baldirivila.com\/ita\/azienda\/\" \/>\n<meta property=\"og:locale\" content=\"it_IT\" \/>\n<meta property=\"og:type\" content=\"article\" \/>\n<meta property=\"og:title\" content=\"Empresa - baldiri vil\u00e0\" \/>\n<meta property=\"og:description\" content=\"Descobreix Baldiri Vil\u00e0: Empresa l\u00edder en distribuci\u00f3 de fruites i verdures. Experts en qualitat, servei i satisfacci\u00f3 del client.\" \/>\n<meta property=\"og:url\" content=\"https:\/\/baldirivila.com\/ita\/azienda\/\" \/>\n<meta property=\"og:site_name\" content=\"baldiri vil\u00e0\" \/>\n<meta property=\"article:publisher\" content=\"https:\/\/www.facebook.com\/profile.php?id=61550965973332\" \/>\n<meta property=\"article:modified_time\" content=\"2024-05-22T09:24:12+00:00\" \/>\n<meta name=\"twitter:card\" content=\"summary_large_image\" \/>\n<meta name=\"twitter:label1\" content=\"Tempo di lettura stimato\" \/>\n\t<meta name=\"twitter:data1\" content=\"10 minuti\" \/>\n<script type=\"application\/ld+json\" class=\"yoast-schema-graph\">{\"@context\":\"https:\/\/schema.org\",\"@graph\":[{\"@type\":\"WebPage\",\"@id\":\"https:\/\/baldirivila.com\/empresa\/\",\"url\":\"https:\/\/baldirivila.com\/empresa\/\",\"name\":\"Empresa - baldiri vil\u00e0\",\"isPartOf\":{\"@id\":\"https:\/\/baldirivila.com\/#website\"},\"datePublished\":\"2022-12-15T09:49:14+00:00\",\"dateModified\":\"2024-05-22T09:24:12+00:00\",\"description\":\"Descobreix Baldiri Vil\u00e0: Empresa l\u00edder en distribuci\u00f3 de fruites i verdures. Experts en qualitat, servei i satisfacci\u00f3 del client.\",\"breadcrumb\":{\"@id\":\"https:\/\/baldirivila.com\/empresa\/#breadcrumb\"},\"inLanguage\":\"it-IT\",\"potentialAction\":[{\"@type\":\"ReadAction\",\"target\":[\"https:\/\/baldirivila.com\/empresa\/\"]}]},{\"@type\":\"BreadcrumbList\",\"@id\":\"https:\/\/baldirivila.com\/empresa\/#breadcrumb\",\"itemListElement\":[{\"@type\":\"ListItem\",\"position\":1,\"name\":\"Inici\",\"item\":\"https:\/\/baldirivila.com\/\"},{\"@type\":\"ListItem\",\"position\":2,\"name\":\"Empresa\"}]},{\"@type\":\"WebSite\",\"@id\":\"https:\/\/baldirivila.com\/#website\",\"url\":\"https:\/\/baldirivila.com\/\",\"name\":\"baldiri vil\u00e0\",\"description\":\"Per tradici\u00f3 i qualitat, Baldiri Vil\u00e0\",\"publisher\":{\"@id\":\"https:\/\/baldirivila.com\/#organization\"},\"inLanguage\":\"it-IT\"},{\"@type\":\"Organization\",\"@id\":\"https:\/\/baldirivila.com\/#organization\",\"name\":\"Baldiri Vil\u00e0\",\"url\":\"https:\/\/baldirivila.com\/\",\"logo\":{\"@type\":\"ImageObject\",\"inLanguage\":\"it-IT\",\"@id\":\"https:\/\/baldirivila.com\/#\/schema\/logo\/image\/\",\"url\":\"https:\/\/baldirivila.com\/wp-content\/uploads\/2023\/06\/favicon.png\",\"contentUrl\":\"https:\/\/baldirivila.com\/wp-content\/uploads\/2023\/06\/favicon.png\",\"width\":50,\"height\":50,\"caption\":\"Baldiri Vil\u00e0\"},\"image\":{\"@id\":\"https:\/\/baldirivila.com\/#\/schema\/logo\/image\/\"},\"sameAs\":[\"https:\/\/www.facebook.com\/profile.php?id=61550965973332\",\"https:\/\/www.instagram.com\/baldiri_vila\/\"]}]}<\/script>\n<!-- \/ Yoast SEO plugin. -->","yoast_head_json":{"title":"Empresa - baldiri vil\u00e0","description":"Descobreix Baldiri Vil\u00e0: Empresa l\u00edder en distribuci\u00f3 de fruites i verdures. Experts en qualitat, servei i satisfacci\u00f3 del client.","robots":{"index":"index","follow":"follow","max-snippet":"max-snippet:-1","max-image-preview":"max-image-preview:large","max-video-preview":"max-video-preview:-1"},"canonical":"https:\/\/baldirivila.com\/ita\/azienda\/","og_locale":"it_IT","og_type":"article","og_title":"Empresa - baldiri vil\u00e0","og_description":"Descobreix Baldiri Vil\u00e0: Empresa l\u00edder en distribuci\u00f3 de fruites i verdures. Experts en qualitat, servei i satisfacci\u00f3 del client.","og_url":"https:\/\/baldirivila.com\/ita\/azienda\/","og_site_name":"baldiri vil\u00e0","article_publisher":"https:\/\/www.facebook.com\/profile.php?id=61550965973332","article_modified_time":"2024-05-22T09:24:12+00:00","twitter_card":"summary_large_image","twitter_misc":{"Tempo di lettura stimato":"10 minuti"},"schema":{"@context":"https:\/\/schema.org","@graph":[{"@type":"WebPage","@id":"https:\/\/baldirivila.com\/empresa\/","url":"https:\/\/baldirivila.com\/empresa\/","name":"Empresa - baldiri vil\u00e0","isPartOf":{"@id":"https:\/\/baldirivila.com\/#website"},"datePublished":"2022-12-15T09:49:14+00:00","dateModified":"2024-05-22T09:24:12+00:00","description":"Descobreix Baldiri Vil\u00e0: Empresa l\u00edder en distribuci\u00f3 de fruites i verdures. Experts en qualitat, servei i satisfacci\u00f3 del client.","breadcrumb":{"@id":"https:\/\/baldirivila.com\/empresa\/#breadcrumb"},"inLanguage":"it-IT","potentialAction":[{"@type":"ReadAction","target":["https:\/\/baldirivila.com\/empresa\/"]}]},{"@type":"BreadcrumbList","@id":"https:\/\/baldirivila.com\/empresa\/#breadcrumb","itemListElement":[{"@type":"ListItem","position":1,"name":"Inici","item":"https:\/\/baldirivila.com\/"},{"@type":"ListItem","position":2,"name":"Empresa"}]},{"@type":"WebSite","@id":"https:\/\/baldirivila.com\/#website","url":"https:\/\/baldirivila.com\/","name":"baldiri vil\u00e0","description":"Per tradici\u00f3 i qualitat, Baldiri Vil\u00e0","publisher":{"@id":"https:\/\/baldirivila.com\/#organization"},"inLanguage":"it-IT"},{"@type":"Organization","@id":"https:\/\/baldirivila.com\/#organization","name":"Baldiri Vil\u00e0","url":"https:\/\/baldirivila.com\/","logo":{"@type":"ImageObject","inLanguage":"it-IT","@id":"https:\/\/baldirivila.com\/#\/schema\/logo\/image\/","url":"https:\/\/baldirivila.com\/wp-content\/uploads\/2023\/06\/favicon.png","contentUrl":"https:\/\/baldirivila.com\/wp-content\/uploads\/2023\/06\/favicon.png","width":50,"height":50,"caption":"Baldiri Vil\u00e0"},"image":{"@id":"https:\/\/baldirivila.com\/#\/schema\/logo\/image\/"},"sameAs":["https:\/\/www.facebook.com\/profile.php?id=61550965973332","https:\/\/www.instagram.com\/baldiri_vila\/"]}]}},"_links":{"self":[{"href":"https:\/\/baldirivila.com\/ita\/wp-json\/wp\/v2\/pages\/140","targetHints":{"allow":["GET"]}}],"collection":[{"href":"https:\/\/baldirivila.com\/ita\/wp-json\/wp\/v2\/pages"}],"about":[{"href":"https:\/\/baldirivila.com\/ita\/wp-json\/wp\/v2\/types\/page"}],"author":[{"embeddable":true,"href":"https:\/\/baldirivila.com\/ita\/wp-json\/wp\/v2\/users\/1"}],"replies":[{"embeddable":true,"href":"https:\/\/baldirivila.com\/ita\/wp-json\/wp\/v2\/comments?post=140"}],"version-history":[{"count":63,"href":"https:\/\/baldirivila.com\/ita\/wp-json\/wp\/v2\/pages\/140\/revisions"}],"predecessor-version":[{"id":1335,"href":"https:\/\/baldirivila.com\/ita\/wp-json\/wp\/v2\/pages\/140\/revisions\/1335"}],"wp:attachment":[{"href":"https:\/\/baldirivila.com\/ita\/wp-json\/wp\/v2\/media?parent=140"}],"curies":[{"name":"wp","href":"https:\/\/api.w.org\/{rel}","templated":true}]}}