{"id":768,"date":"2023-06-01T07:02:03","date_gmt":"2023-06-01T07:02:03","guid":{"rendered":"https:\/\/baldirivila.com\/?page_id=768"},"modified":"2023-06-23T07:25:16","modified_gmt":"2023-06-23T07:25:16","slug":"politica-de-privacitat","status":"publish","type":"page","link":"https:\/\/baldirivila.com\/ita\/politica-sulla-riservatezza\/","title":{"rendered":"Politica sulla riservatezza"},"content":{"rendered":"<h2 class=\"wp-block-heading\">Responsabile del trattamento dei dati<\/h2>\n\n\n\n<p>Il responsabile del trattamento dei dati personali raccolti sul sito Web di Baldiri Vila S.L. \u00c8:<\/p>\n\n\n\n<p>AZIENDA: Baldiri Vila S.L.<\/p>\n\n\n\n<p>CIF: B61176707<\/p>\n\n\n\n<p>REGISTRO COMMERCIALE: Registro Mercantile di Barcellona Tomo 29261, foglio 52, foglio numero B-154621, iscrizione 1a<\/p>\n\n\n\n<p>INDIRIZZO: Mercado Mercabarna, PABELLON G. 7017 A 7022, Barcellona, \u200b\u200b\u200b\u200b08040, Barcellona<\/p>\n\n\n\n<p>TELEFONO: +34 932 631 593<\/p>\n\n\n\n<p>E-MAIL: info@baldirivila.com<\/p>\n\n\n\n<p>DOMINIO: baldirivila.com<\/p>\n\n\n\n<h2 class=\"wp-block-heading\">Finalit\u00e0 del trattamento dei dati<\/h2>\n\n\n\n<p>Lo scopo della raccolta dei dati \u00e8 mantenere un contatto diretto e personalizzato con i nostri Utenti. In questo modo utilizzeremo i tuoi dati per rispondere a qualsiasi domanda o informazione da te richiesta, gestire le tue richieste e garantirti un'esperienza che rispetti i pi\u00f9 alti standard.<\/p>\n\n\n\n<p>L'e-mail da cui scrivi alla nostra posta, la utilizzeremo per inviarti informazioni relative ai dubbi o alle preoccupazioni che hai sollevato o per espletare le procedure o aiutarti con le procedure di cui hai bisogno.<\/p>\n\n\n\n<p>In nessun caso riceverai informazioni da terzi senza averne preventivamente informato e richiesto il tuo espresso consenso, assicurandoti in tal modo di rispettare i parametri della normativa europea; n\u00e9 verr\u00e0 effettuato alcun tipo di trasferimento internazionale che abbia ad oggetto i tuoi dati personali.<\/p>\n\n\n\n<h2 class=\"wp-block-heading\">Qualit\u00e0 dei dati<\/h2>\n\n\n\n<p>Il documento mostrato qui e tutte le informazioni scritte sono conformi all'articolo 4.3 della LOPD. Questo articolo \u00e8 stato modificato l'ultima volta il 06\/01\/2023.<\/p>\n\n\n\n<h2 class=\"wp-block-heading\">Periodo di conservazione dei dati<\/h2>\n\n\n\n<p>I dati personali conferiti saranno conservati fino a quando l'interessato non ne richieda la sospensione, esercitando i propri diritti sui dati, e comunque nel rispetto dei termini di prescrizione di legge applicabili.<\/p>\n\n\n\n<h2 class=\"wp-block-heading\">Assegnazioni e trasferimenti internazionali di dati<\/h2>\n\n\n\n<p>I dati non saranno comunicati o ceduti ad alcun destinatario.<\/p>\n\n\n\n<h2 class=\"wp-block-heading\">Cookies<\/h2>\n\n\n\n<p>Un cookie \u00e8 un file che viene scaricato su un computer quando si accede a determinati siti web. I cookie consentono a un sito Web, tra l'altro, di archiviare e recuperare informazioni sulle abitudini di navigazione di un utente o del suo computer e, a seconda delle informazioni che contengono e del modo in cui utilizzano il computer, possono consentire loro di riconoscere l'utente I cookie sono associati solo a un utente anonimo e al suo computer o dispositivo e non forniscono riferimenti che consentono di identificare i suoi dati personali.<\/p>\n\n\n\n<p>Il portale baldirivila.com utilizza cookie delle seguenti tipologie:<\/p>\n\n\n\n<ul class=\"wp-block-list\">\n<li>Cookie tecnici. Sono necessari per l'utilizzo del sito web.<\/li>\n\n\n\n<li>Cookie di personalizzazione. Consentono all'utente di accedere al servizio con caratteristiche predefinite, come lingua, browser, impostazioni regionali, ecc.<\/li>\n\n\n\n<li>Cookie di analisi. Raccolgono informazioni sull'uso del web.<\/li>\n<\/ul>\n\n\n\n<p>I cookie analitici di terze parti che Baldiri Vila S.L. utilizza sul proprio portale sono quelli di Google Analytics: cookie analitici che raccolgono informazioni sul traffico e sul comportamento degli utenti in rete in forma anonima.<\/p>\n\n\n\n<p>L'utilizzo di cookie di terze parti \u00e8 soggetto alle politiche sulla privacy di tali terze parti.<\/p>\n\n\n\n<p>I cookie vengono installati ogni volta che l'utente autorizza il proprio browser. L'utente pu\u00f2 sempre, qualora lo ritenga conveniente, attivare le opzioni del browser per rifiutare l'installazione dei cookie.<\/p>\n\n\n\n<h2 class=\"wp-block-heading\">Diritti dell'utente<\/h2>\n\n\n\n<p>L'utente ha i seguenti diritti sui propri dati:<\/p>\n\n\n\n<p><strong>Accesso<\/strong>: consente all'utente di richiedere informazioni al responsabile di un file sull'eventuale elaborazione dei dati.<\/p>\n\n\n\n<p><strong>Rettifica<\/strong>: consente all'utente interessato di richiedere la modifica di dati inesatti o incompleti.<\/p>\n\n\n\n<p><strong>Cancellazione<\/strong>: L'utente interessato pu\u00f2 richiedere la cancellazione dei dati inappropriati o eccessivi, fatto salvo l'obbligo di blocco.<\/p>\n\n\n\n<p><strong>Opposizione<\/strong>: si tratta del diritto di un utente di opporsi al trattamento dei suoi dati personali.<\/p>\n\n\n\n<p><strong>Portabilit\u00e0<\/strong>: Potrai ricevere i tuoi dati personali forniti in un formato strutturato, di uso comune e leggibile da dispositivo automatico e potrai trasmetterli ad un altro responsabile, ogni volta che sia tecnicamente possibile.<\/p>\n\n\n\n<p><strong>Dimenticato<\/strong>: L'utente pu\u00f2 richiedere la cancellazione dei dati personali senza il dovuto ritardo quando si verifica uno dei casi contemplati. Ad esempio, trattamento illecito dei dati o quando \u00e8 venuto meno lo scopo che ha motivato il trattamento o la raccolta.<\/p>\n\n\n\n<p><strong>Limitazione al trattamento: <\/strong>In generale, nei casi in cui non sia chiaro se i dati personali debbano essere cancellati, puoi esercitare il tuo diritto alla limitazione del trattamento. Tale diritto esiste nei seguenti casi: (i) quando l'esattezza dei dati in questione \u00e8 in dubbio; (ii) quando non si desidera che i dati vengano cancellati; (iii) quando i dati non sono pi\u00f9 necessari per lo scopo originario, ma da essi possono derivare azioni legali; (iv) quando \u00e8 pendente la decisione sulla Sua opposizione al trattamento.<\/p>\n\n\n\n<p>Per esercitare i propri diritti, l'utente pu\u00f2 contattare info@baldirivila.com o per posta scritta a Mercado Mercabarna, PABELLON G. 7017 A 7022, Barcellona, \u200b\u200b\u200b\u200b08040, Barcellona<\/p>","protected":false},"excerpt":{"rendered":"<p>Responsable del tractament de les dades El responsable del tractament de dades personals recollides al web de Baldiri Vila S.L. \u00e9s: EMPRESA: Baldiri Vila S.L. CIF: B61176707 REGISTRE MERCANTIL: Registre Mercantil de Barcelona Tom 29261, foli 52, full n\u00famero B-154621, inscripci\u00f3 1a DOMICILI: Mercado Mercabarna, PABELLON G. 7017 A 7022, Barcelona, 08040, Barcelona TEL\u00c8FON: +34 [&hellip;]<\/p>","protected":false},"author":1,"featured_media":0,"parent":0,"menu_order":0,"comment_status":"closed","ping_status":"open","template":"","meta":{"_et_pb_use_builder":"off","_et_pb_old_content":"","_et_gb_content_width":"1080","footnotes":""},"class_list":["post-768","page","type-page","status-publish","hentry"],"yoast_head":"<!-- This site is optimized with the Yoast SEO plugin v23.9 - https:\/\/yoast.com\/wordpress\/plugins\/seo\/ -->\n<title>Pol\u00edtica de privacitat - baldiri vil\u00e0<\/title>\n<meta name=\"robots\" content=\"noindex, follow\" \/>\n<meta property=\"og:locale\" content=\"it_IT\" \/>\n<meta property=\"og:type\" content=\"article\" \/>\n<meta property=\"og:title\" content=\"Pol\u00edtica de privacitat - baldiri vil\u00e0\" \/>\n<meta property=\"og:description\" content=\"Responsable del tractament de les dades El responsable del tractament de dades personals recollides al web de Baldiri Vila S.L. \u00e9s: EMPRESA: Baldiri Vila S.L. CIF: B61176707 REGISTRE MERCANTIL: Registre Mercantil de Barcelona Tom 29261, foli 52, full n\u00famero B-154621, inscripci\u00f3 1a DOMICILI: Mercado Mercabarna, PABELLON G. 7017 A 7022, Barcelona, 08040, Barcelona TEL\u00c8FON: +34 [&hellip;]\" \/>\n<meta property=\"og:url\" content=\"https:\/\/baldirivila.com\/ita\/politica-sulla-riservatezza\/\" \/>\n<meta property=\"og:site_name\" content=\"baldiri vil\u00e0\" \/>\n<meta property=\"article:publisher\" content=\"https:\/\/www.facebook.com\/profile.php?id=61550965973332\" \/>\n<meta property=\"article:modified_time\" content=\"2023-06-23T07:25:16+00:00\" \/>\n<meta name=\"twitter:card\" content=\"summary_large_image\" \/>\n<meta name=\"twitter:label1\" content=\"Tempo di lettura stimato\" \/>\n\t<meta name=\"twitter:data1\" content=\"5 minuti\" \/>\n<script type=\"application\/ld+json\" class=\"yoast-schema-graph\">{\"@context\":\"https:\/\/schema.org\",\"@graph\":[{\"@type\":\"WebPage\",\"@id\":\"https:\/\/baldirivila.com\/politica-de-privacitat\/\",\"url\":\"https:\/\/baldirivila.com\/politica-de-privacitat\/\",\"name\":\"Pol\u00edtica de privacitat - baldiri vil\u00e0\",\"isPartOf\":{\"@id\":\"https:\/\/baldirivila.com\/#website\"},\"datePublished\":\"2023-06-01T07:02:03+00:00\",\"dateModified\":\"2023-06-23T07:25:16+00:00\",\"breadcrumb\":{\"@id\":\"https:\/\/baldirivila.com\/politica-de-privacitat\/#breadcrumb\"},\"inLanguage\":\"it-IT\",\"potentialAction\":[{\"@type\":\"ReadAction\",\"target\":[\"https:\/\/baldirivila.com\/politica-de-privacitat\/\"]}]},{\"@type\":\"BreadcrumbList\",\"@id\":\"https:\/\/baldirivila.com\/politica-de-privacitat\/#breadcrumb\",\"itemListElement\":[{\"@type\":\"ListItem\",\"position\":1,\"name\":\"Inici\",\"item\":\"https:\/\/baldirivila.com\/\"},{\"@type\":\"ListItem\",\"position\":2,\"name\":\"Pol\u00edtica de privacitat\"}]},{\"@type\":\"WebSite\",\"@id\":\"https:\/\/baldirivila.com\/#website\",\"url\":\"https:\/\/baldirivila.com\/\",\"name\":\"baldiri vil\u00e0\",\"description\":\"Per tradici\u00f3 i qualitat, Baldiri Vil\u00e0\",\"publisher\":{\"@id\":\"https:\/\/baldirivila.com\/#organization\"},\"inLanguage\":\"it-IT\"},{\"@type\":\"Organization\",\"@id\":\"https:\/\/baldirivila.com\/#organization\",\"name\":\"Baldiri Vil\u00e0\",\"url\":\"https:\/\/baldirivila.com\/\",\"logo\":{\"@type\":\"ImageObject\",\"inLanguage\":\"it-IT\",\"@id\":\"https:\/\/baldirivila.com\/#\/schema\/logo\/image\/\",\"url\":\"https:\/\/baldirivila.com\/wp-content\/uploads\/2023\/06\/favicon.png\",\"contentUrl\":\"https:\/\/baldirivila.com\/wp-content\/uploads\/2023\/06\/favicon.png\",\"width\":50,\"height\":50,\"caption\":\"Baldiri Vil\u00e0\"},\"image\":{\"@id\":\"https:\/\/baldirivila.com\/#\/schema\/logo\/image\/\"},\"sameAs\":[\"https:\/\/www.facebook.com\/profile.php?id=61550965973332\",\"https:\/\/www.instagram.com\/baldiri_vila\/\"]}]}<\/script>\n<!-- \/ Yoast SEO plugin. -->","yoast_head_json":{"title":"Pol\u00edtica de privacitat - baldiri vil\u00e0","robots":{"index":"noindex","follow":"follow"},"og_locale":"it_IT","og_type":"article","og_title":"Pol\u00edtica de privacitat - baldiri vil\u00e0","og_description":"Responsable del tractament de les dades El responsable del tractament de dades personals recollides al web de Baldiri Vila S.L. \u00e9s: EMPRESA: Baldiri Vila S.L. CIF: B61176707 REGISTRE MERCANTIL: Registre Mercantil de Barcelona Tom 29261, foli 52, full n\u00famero B-154621, inscripci\u00f3 1a DOMICILI: Mercado Mercabarna, PABELLON G. 7017 A 7022, Barcelona, 08040, Barcelona TEL\u00c8FON: +34 [&hellip;]","og_url":"https:\/\/baldirivila.com\/ita\/politica-sulla-riservatezza\/","og_site_name":"baldiri vil\u00e0","article_publisher":"https:\/\/www.facebook.com\/profile.php?id=61550965973332","article_modified_time":"2023-06-23T07:25:16+00:00","twitter_card":"summary_large_image","twitter_misc":{"Tempo di lettura stimato":"5 minuti"},"schema":{"@context":"https:\/\/schema.org","@graph":[{"@type":"WebPage","@id":"https:\/\/baldirivila.com\/politica-de-privacitat\/","url":"https:\/\/baldirivila.com\/politica-de-privacitat\/","name":"Pol\u00edtica de privacitat - baldiri vil\u00e0","isPartOf":{"@id":"https:\/\/baldirivila.com\/#website"},"datePublished":"2023-06-01T07:02:03+00:00","dateModified":"2023-06-23T07:25:16+00:00","breadcrumb":{"@id":"https:\/\/baldirivila.com\/politica-de-privacitat\/#breadcrumb"},"inLanguage":"it-IT","potentialAction":[{"@type":"ReadAction","target":["https:\/\/baldirivila.com\/politica-de-privacitat\/"]}]},{"@type":"BreadcrumbList","@id":"https:\/\/baldirivila.com\/politica-de-privacitat\/#breadcrumb","itemListElement":[{"@type":"ListItem","position":1,"name":"Inici","item":"https:\/\/baldirivila.com\/"},{"@type":"ListItem","position":2,"name":"Pol\u00edtica de privacitat"}]},{"@type":"WebSite","@id":"https:\/\/baldirivila.com\/#website","url":"https:\/\/baldirivila.com\/","name":"baldiri vil\u00e0","description":"Per tradici\u00f3 i qualitat, Baldiri Vil\u00e0","publisher":{"@id":"https:\/\/baldirivila.com\/#organization"},"inLanguage":"it-IT"},{"@type":"Organization","@id":"https:\/\/baldirivila.com\/#organization","name":"Baldiri Vil\u00e0","url":"https:\/\/baldirivila.com\/","logo":{"@type":"ImageObject","inLanguage":"it-IT","@id":"https:\/\/baldirivila.com\/#\/schema\/logo\/image\/","url":"https:\/\/baldirivila.com\/wp-content\/uploads\/2023\/06\/favicon.png","contentUrl":"https:\/\/baldirivila.com\/wp-content\/uploads\/2023\/06\/favicon.png","width":50,"height":50,"caption":"Baldiri Vil\u00e0"},"image":{"@id":"https:\/\/baldirivila.com\/#\/schema\/logo\/image\/"},"sameAs":["https:\/\/www.facebook.com\/profile.php?id=61550965973332","https:\/\/www.instagram.com\/baldiri_vila\/"]}]}},"_links":{"self":[{"href":"https:\/\/baldirivila.com\/ita\/wp-json\/wp\/v2\/pages\/768","targetHints":{"allow":["GET"]}}],"collection":[{"href":"https:\/\/baldirivila.com\/ita\/wp-json\/wp\/v2\/pages"}],"about":[{"href":"https:\/\/baldirivila.com\/ita\/wp-json\/wp\/v2\/types\/page"}],"author":[{"embeddable":true,"href":"https:\/\/baldirivila.com\/ita\/wp-json\/wp\/v2\/users\/1"}],"replies":[{"embeddable":true,"href":"https:\/\/baldirivila.com\/ita\/wp-json\/wp\/v2\/comments?post=768"}],"version-history":[{"count":3,"href":"https:\/\/baldirivila.com\/ita\/wp-json\/wp\/v2\/pages\/768\/revisions"}],"predecessor-version":[{"id":808,"href":"https:\/\/baldirivila.com\/ita\/wp-json\/wp\/v2\/pages\/768\/revisions\/808"}],"wp:attachment":[{"href":"https:\/\/baldirivila.com\/ita\/wp-json\/wp\/v2\/media?parent=768"}],"curies":[{"name":"wp","href":"https:\/\/api.w.org\/{rel}","templated":true}]}}